{"id":20807,"date":"2018-09-08T11:03:28","date_gmt":"2018-09-08T11:03:28","guid":{"rendered":"https:\/\/arte-coa.pt\/documentos-da-fundacao\/"},"modified":"2025-09-12T15:30:20","modified_gmt":"2025-09-12T15:30:20","slug":"foundation-documents","status":"publish","type":"page","link":"https:\/\/arte-coa.pt\/en\/foundation-documents\/","title":{"rendered":"Foundation Documents"},"content":{"rendered":"<div id=\"cmsmasters_row_f66db100cc\" class=\"cmsmasters_row cmsmasters_color_scheme_footer cmsmasters_row_top_default cmsmasters_row_bot_right_diagonal cmsmasters_row_boxed\">\n<div class=\"cmsmasters_row_outer_parent\">\n<div class=\"cmsmasters_row_outer\">\n<div class=\"cmsmasters_row_inner\">\n<div class=\"cmsmasters_row_margin\">\n<div id=\"cmsmasters_column_\" class=\"cmsmasters_column one_third\">\n<div class=\"cmsmasters_column_inner\"><div class=\"cmsmasters_toggles toggles_mode_accordion\">\n<div class=\"cmsmasters_toggles_inner\"><div class=\"cmsmasters_toggle_wrap current_toggle\" data-tags=\"all \">\n<div class=\"cmsmasters_toggle_title\">\n<span class=\"cmsmasters_toggle_plus\">\n<span class=\"cmsmasters_toggle_plus_hor\"><\/span>\n<span class=\"cmsmasters_toggle_plus_vert\"><\/span>\n<\/span>\n<a href=\"#\">MANAGEMENT DOCUMENTS <\/a>\n<\/div>\n<div class=\"cmsmasters_toggle\">\n<div class=\"cmsmasters_toggle_inner\">\n<p><a href=\"https:\/\/arte-coa.pt\/en\/foundation-documents\/plano-estrategico-2018-2022-2\/\" target=\"_blank\" rel=\"attachment noopener wp-att-16462 noreferrer\">Plano Estrate\u0301gico 2018-2022<\/a><\/p>\n<p><a href=\"https:\/\/arte-coa.pt\/en\/foundation-documents\/patrimonio-da-fundac%cc%a7a%cc%83o-co%cc%82a-parque-2\/\" target=\"_blank\" rel=\"attachment noopener wp-att-16425 noreferrer\">Patrimo\u0301nio da Fundac\u0327a\u0303o Co\u0302a Parque<\/a><\/p>\n<p><a href=\"https:\/\/arte-coa.pt\/wp-content\/uploads\/2023\/05\/Regulamento-Museu_2023.pdf\" target=\"_blank\" rel=\"noopener\">Regulamento do Museu do Co\u0302a<\/a><\/p>\n<p><a href=\"https:\/\/arte-coa.pt\/en\/foundation-documents\/actos-de-instituic%cc%a7a%cc%83o-2\/\" target=\"_blank\" rel=\"attachment noopener wp-att-16420 noreferrer\">Actos de Instituic\u0327a\u0303o<\/a><\/p>\n<p><a href=\"https:\/\/arte-coa.pt\/en\/foundation-documents\/numero-de-identificac%cc%a7a%cc%83o-fiscal-nif-da-fundac%cc%a7a%cc%83o-co%cc%82a-parque-2\/\" target=\"_blank\" rel=\"attachment noopener wp-att-16419 noreferrer\">Nu\u0301mero de Identificac\u0327a\u0303o Fiscal (NIF) da Fundac\u0327a\u0303o Co\u0302a Parque<\/a><\/p>\n<p><a href=\"https:\/\/arte-coa.pt\/en\/foundation-documents\/logo_cor-2\/\" target=\"_blank\" rel=\"noopener noreferrer\">Logo<\/a><\/p>\n<p><a href=\"https:\/\/arte-coa.pt\/wp-content\/uploads\/2018\/09\/Logo-Invertido.jpg\" target=\"_blank\" rel=\"noopener\">Inverted logo\u00a0<\/a><\/p>\n<\/div>\n<\/div>\n<\/div><div class=\"cmsmasters_toggle_wrap\" data-tags=\"all \">\n<div class=\"cmsmasters_toggle_title\">\n<span class=\"cmsmasters_toggle_plus\">\n<span class=\"cmsmasters_toggle_plus_hor\"><\/span>\n<span class=\"cmsmasters_toggle_plus_vert\"><\/span>\n<\/span>\n<a href=\"#\">2023<\/a>\n<\/div>\n<div class=\"cmsmasters_toggle\">\n<div class=\"cmsmasters_toggle_inner\">\n<\/div>\n<\/div>\n<\/div><div class=\"cmsmasters_toggle_wrap\" data-tags=\"all \">\n<div class=\"cmsmasters_toggle_title\">\n<span class=\"cmsmasters_toggle_plus\">\n<span class=\"cmsmasters_toggle_plus_hor\"><\/span>\n<span class=\"cmsmasters_toggle_plus_vert\"><\/span>\n<\/span>\n<a href=\"#\">2022<\/a>\n<\/div>\n<div class=\"cmsmasters_toggle\">\n<div class=\"cmsmasters_toggle_inner\">\n<p><a href=\"https:\/\/arte-coa.pt\/wp-content\/uploads\/2022\/03\/Plano-de-atividades-2022.pdf\" target=\"_blank\" rel=\"noopener\">Business Plan<\/a><\/p>\n<p><a href=\"https:\/\/arte-coa.pt\/wp-content\/uploads\/2022\/07\/Codigo-de-conduta-para-tratamento-de-dados-pessoais_-2022.pdf\" target=\"_blank\" rel=\"noopener\">Conduct Code for Handling Personal Information<\/a><\/p>\n<p><a href=\"https:\/\/arte-coa.pt\/wp-content\/uploads\/2022\/06\/Plano-de-Gestao-e-Prevencao-de-Riscos-de-Corrupcao-e-Infracoes-Conexas_signed-2.pdf\" target=\"_blank\" rel=\"noopener\">Management Plan and Prevention of Risks of Corruption and Related Infractions<\/a><\/p>\n<\/div>\n<\/div>\n<\/div><div class=\"cmsmasters_toggle_wrap\" data-tags=\"all \">\n<div class=\"cmsmasters_toggle_title\">\n<span class=\"cmsmasters_toggle_plus\">\n<span class=\"cmsmasters_toggle_plus_hor\"><\/span>\n<span class=\"cmsmasters_toggle_plus_vert\"><\/span>\n<\/span>\n<a href=\"#\">2021<\/a>\n<\/div>\n<div class=\"cmsmasters_toggle\">\n<div class=\"cmsmasters_toggle_inner\">\n<p><a href=\"https:\/\/arte-coa.pt\/wp-content\/uploads\/2021\/01\/Fundacao-Coa-Parque_Plano-de-Actividades-2021.pdf\">Activity Plan &#8211; 2021<\/a><\/p>\n<p><a href=\"https:\/\/arte-coa.pt\/wp-content\/uploads\/2021\/04\/Plano-de-Contingencia-da-Fundacao-Coa-Parque_102020_v1.4_revAC_signed.pdf\" target=\"_blank\" rel=\"noopener\">Contingency Plan for C\u00f4a Park Foundation &#8211; COVID 19 &#8211; Version 1.4<\/a><\/p>\n<p><a href=\"https:\/\/arte-coa.pt\/wp-content\/uploads\/2021\/12\/Plano-de-Contingencia-da-Fundacao-Coa-Parque-Versao-1-5.pdf\" target=\"_blank\" rel=\"noopener\">Contingency Plan for C\u00f4a Park Foundation &#8211; COVID 19 &#8211; Version 1.5<\/a><\/p>\n<\/div>\n<\/div>\n<\/div><div class=\"cmsmasters_toggle_wrap\" data-tags=\"all \">\n<div class=\"cmsmasters_toggle_title\">\n<span class=\"cmsmasters_toggle_plus\">\n<span class=\"cmsmasters_toggle_plus_hor\"><\/span>\n<span class=\"cmsmasters_toggle_plus_vert\"><\/span>\n<\/span>\n<a href=\"#\">2020<\/a>\n<\/div>\n<div class=\"cmsmasters_toggle\">\n<div class=\"cmsmasters_toggle_inner\">\n<p><a href=\"https:\/\/cf7.alojamentoweb.net\/arte-coa.pt\/wp-content\/uploads\/2020\/01\/Funda%C3%A7%C3%A3o-C%C3%B4a-Parque_Plano-de-Actividades-2020_def.pdf\">Plano de Actividades &#8211; 2020<\/a><\/p>\n<p><a href=\"https:\/\/arte-coa.pt\/wp-content\/uploads\/2020\/03\/Plano-de-Conting%C3%AAncia-da-Funda%C3%A7%C3%A3o-C%C3%B4a-Parque_032020_1.1..pdf\" target=\"_blank\" rel=\"noopener\">Contingency Plan for C\u00f4a Park Foundation &#8211; COVID 19<\/a><\/p>\n<p><a href=\"https:\/\/arte-coa.pt\/wp-content\/uploads\/2020\/03\/Plano-de-Conting%C3%AAncia-da-Funda%C3%A7%C3%A3o-C%C3%B4a-Parque_032020_1.1..pdf\" target=\"_blank\" rel=\"noopener\">Contingency Plan for C\u00f4a Park Foundation &#8211; COVID 19 &#8211; Version 1.0<\/a><\/p>\n<p><a href=\"https:\/\/arte-coa.pt\/wp-content\/uploads\/2020\/05\/Plano-de-Conting%C3%AAncia-da-Funda%C3%A7%C3%A3o-C%C3%B4a-Parque_052020_v1.2_signed.pdf\">Contingency Plan for C\u00f4a Park Foundation &#8211; COVID 19 &#8211; Version 1.1<\/a><\/p>\n<p><a href=\"https:\/\/arte-coa.pt\/wp-content\/uploads\/2020\/08\/Plano-de-Conting%C3%AAncia-da-Funda%C3%A7%C3%A3o-C%C3%B4a-Parque_082020_v1.4.pdf\" target=\"_blank\" rel=\"noopener\">Contingency Plan for C\u00f4a Park Foundation &#8211; COVID 19 &#8211; Version 1.2<\/a><\/p>\n<p><a href=\"https:\/\/arte-coa.pt\/wp-content\/uploads\/2020\/10\/Plano-de-Conting%C3%AAncia-da-Funda%C3%A7%C3%A3o-C%C3%B4a-Parque_102020_v1.4_revBJN.pdf\" target=\"_blank\" rel=\"noopener\">Contingency Plan for C\u00f4a Park Foundation &#8211; COVID 19 &#8211; Version 1.3<\/a><\/p>\n<\/div>\n<\/div>\n<\/div><div class=\"cmsmasters_toggle_wrap\" data-tags=\"all \">\n<div class=\"cmsmasters_toggle_title\">\n<span class=\"cmsmasters_toggle_plus\">\n<span class=\"cmsmasters_toggle_plus_hor\"><\/span>\n<span class=\"cmsmasters_toggle_plus_vert\"><\/span>\n<\/span>\n<a href=\"#\">2019<\/a>\n<\/div>\n<div class=\"cmsmasters_toggle\">\n<div class=\"cmsmasters_toggle_inner\">\n<p><a href=\"https:\/\/arte-coa.pt\/wp-content\/uploads\/2020\/01\/Funda\u00e7\u00e3o-C\u00f4a-Parque_Plano-de-Actividades-2019.pdf\" target=\"_blank\" rel=\"noopener noreferrer\">Plano de Actividades \u2013 2019<\/a><\/p>\n<p>&nbsp;<\/p>\n<\/div>\n<\/div>\n<\/div><div class=\"cmsmasters_toggle_wrap\" data-tags=\"all \">\n<div class=\"cmsmasters_toggle_title\">\n<span class=\"cmsmasters_toggle_plus\">\n<span class=\"cmsmasters_toggle_plus_hor\"><\/span>\n<span class=\"cmsmasters_toggle_plus_vert\"><\/span>\n<\/span>\n<a href=\"#\">2018<\/a>\n<\/div>\n<div class=\"cmsmasters_toggle\">\n<div class=\"cmsmasters_toggle_inner\">\n<p><a href=\"https:\/\/cf7.alojamentoweb.net\/arte-coa.pt\/wp-content\/uploads\/2020\/01\/FCP-Relat%C3%B3rio-de-Gest%C3%A3o-e-Contas-2018_signed.pdf\" target=\"_blank\" rel=\"noopener noreferrer\">Relat\u00f3rio de Gest\u00e3o e Contas &#8211; 2018<\/a><\/p>\n<p>&nbsp;<\/p>\n<p>&nbsp;<\/p>\n<p>&nbsp;<\/p>\n<\/div>\n<\/div>\n<\/div><div class=\"cmsmasters_toggle_wrap\" data-tags=\"all \">\n<div class=\"cmsmasters_toggle_title\">\n<span class=\"cmsmasters_toggle_plus\">\n<span class=\"cmsmasters_toggle_plus_hor\"><\/span>\n<span class=\"cmsmasters_toggle_plus_vert\"><\/span>\n<\/span>\n<a href=\"#\">2017<\/a>\n<\/div>\n<div class=\"cmsmasters_toggle\">\n<div class=\"cmsmasters_toggle_inner\">\n<p><a href=\"https:\/\/arte-coa.pt\/en\/foundation-documents\/relatorio-de-gesta%cc%83o-e-contas-2017-2\/\" target=\"_blank\" rel=\"attachment noopener wp-att-16455 noreferrer\">Relato\u0301rio de Gesta\u0303o e Contas &#8211; 2017<\/a><\/p>\n<p><a href=\"https:\/\/arte-coa.pt\/en\/foundation-documents\/plano-de-actividades-2017-2\/\" target=\"_blank\" rel=\"attachment noopener wp-att-16431 noreferrer\">Plano de Actividades &#8211; 2017<\/a><\/p>\n<p><a href=\"https:\/\/arte-coa.pt\/en\/foundation-documents\/estatutos-da-fundac%cc%a7a%cc%83o-co%cc%82a-parque-2017-2\/\" target=\"_blank\" rel=\"attachment noopener wp-att-16429 noreferrer\">Estatutos da Fundac\u0327a\u0303o Co\u0302a Parque &#8211; 2017<\/a><\/p>\n<\/div>\n<\/div>\n<\/div><div class=\"cmsmasters_toggle_wrap\" data-tags=\"all \">\n<div class=\"cmsmasters_toggle_title\">\n<span class=\"cmsmasters_toggle_plus\">\n<span class=\"cmsmasters_toggle_plus_hor\"><\/span>\n<span class=\"cmsmasters_toggle_plus_vert\"><\/span>\n<\/span>\n<a href=\"#\">2016<\/a>\n<\/div>\n<div class=\"cmsmasters_toggle\">\n<div class=\"cmsmasters_toggle_inner\">\n<p><a href=\"https:\/\/arte-coa.pt\/en\/foundation-documents\/plano-de-actividades-2016-2\/\" target=\"_blank\" rel=\"attachment noopener wp-att-16439 noreferrer\">Plano de Actividades &#8211; 2016<\/a><\/p>\n<p><a href=\"https:\/\/arte-coa.pt\/en\/foundation-documents\/relatorio-e-contas-2016-2\/\" target=\"_blank\" rel=\"attachment noopener wp-att-16438 noreferrer\">Relato\u0301rio e Contas &#8211; 2016<\/a><\/p>\n<p><a href=\"https:\/\/arte-coa.pt\/en\/foundation-documents\/relatorio-de-actividades-2016-2\/\" target=\"_blank\" rel=\"attachment noopener wp-att-16437 noreferrer\">Relato\u0301rio de Actividades &#8211; 2016<\/a><\/p>\n<p>&nbsp;<\/p>\n<\/div>\n<\/div>\n<\/div><div class=\"cmsmasters_toggle_wrap\" data-tags=\"all \">\n<div class=\"cmsmasters_toggle_title\">\n<span class=\"cmsmasters_toggle_plus\">\n<span class=\"cmsmasters_toggle_plus_hor\"><\/span>\n<span class=\"cmsmasters_toggle_plus_vert\"><\/span>\n<\/span>\n<a href=\"#\">2015<\/a>\n<\/div>\n<div class=\"cmsmasters_toggle\">\n<div class=\"cmsmasters_toggle_inner\">\n<p><a href=\"https:\/\/arte-coa.pt\/en\/foundation-documents\/plano-de-actividades-2015-2\/\" target=\"_blank\" rel=\"attachment noopener wp-att-16444 noreferrer\">Plano de Actividades &#8211; 2015<\/a><\/p>\n<p><a href=\"https:\/\/arte-coa.pt\/en\/foundation-documents\/relatorio-e-contas-2015-2\/\" target=\"_blank\" rel=\"attachment noopener wp-att-16443 noreferrer\">Relato\u0301rio e Contas &#8211; 2015<\/a><\/p>\n<p><a href=\"https:\/\/arte-coa.pt\/en\/foundation-documents\/relatorio-de-actividades-2015-2\/\" target=\"_blank\" rel=\"attachment noopener wp-att-16442 noreferrer\">Relato\u0301rio de Actividades &#8211; 2015<\/a><\/p>\n<p>&nbsp;<\/p>\n<p>&nbsp;<\/p>\n<\/div>\n<\/div>\n<\/div><div class=\"cmsmasters_toggle_wrap\" data-tags=\"all \">\n<div class=\"cmsmasters_toggle_title\">\n<span class=\"cmsmasters_toggle_plus\">\n<span class=\"cmsmasters_toggle_plus_hor\"><\/span>\n<span class=\"cmsmasters_toggle_plus_vert\"><\/span>\n<\/span>\n<a href=\"#\">2014<\/a>\n<\/div>\n<div class=\"cmsmasters_toggle\">\n<div class=\"cmsmasters_toggle_inner\">\n<p><a href=\"https:\/\/arte-coa.pt\/en\/foundation-documents\/plano-de-actividades-2014-2\/\" target=\"_blank\" rel=\"attachment noopener wp-att-16447 noreferrer\">Plano de Actividades &#8211; 2014<\/a><\/p>\n<p><a href=\"https:\/\/arte-coa.pt\/en\/foundation-documents\/relatorio-e-contas-2014-2\/\" target=\"_blank\" rel=\"attachment noopener wp-att-16446 noreferrer\">Relato\u0301rio e Contas &#8211; 2014<\/a><\/p>\n<p><a href=\"https:\/\/arte-coa.pt\/en\/foundation-documents\/relatorio-de-actividades-2014-2\/\" target=\"_blank\" rel=\"attachment noopener wp-att-16445 noreferrer\">Relato\u0301rio de Actividades &#8211; 2014<\/a><\/p>\n<p>&nbsp;<\/p>\n<\/div>\n<\/div>\n<\/div><div class=\"cmsmasters_toggle_wrap\" data-tags=\"all \">\n<div class=\"cmsmasters_toggle_title\">\n<span class=\"cmsmasters_toggle_plus\">\n<span class=\"cmsmasters_toggle_plus_hor\"><\/span>\n<span class=\"cmsmasters_toggle_plus_vert\"><\/span>\n<\/span>\n<a href=\"#\">2013<\/a>\n<\/div>\n<div class=\"cmsmasters_toggle\">\n<div class=\"cmsmasters_toggle_inner\">\n<p><a href=\"https:\/\/arte-coa.pt\/en\/foundation-documents\/plano-de-actividades-2013-2\/\" target=\"_blank\" rel=\"attachment noopener wp-att-16453 noreferrer\">Plano de Actividades &#8211; 2013<\/a><\/p>\n<p><a href=\"https:\/\/arte-coa.pt\/en\/foundation-documents\/relatorio-e-contas-2013-2\/\" target=\"_blank\" rel=\"attachment noopener wp-att-16452 noreferrer\">Relato\u0301rio e Contas &#8211; 2013<\/a><\/p>\n<p>&nbsp;<\/p>\n<\/div>\n<\/div>\n<\/div><div class=\"cmsmasters_toggle_wrap\" data-tags=\"all \">\n<div class=\"cmsmasters_toggle_title\">\n<span class=\"cmsmasters_toggle_plus\">\n<span class=\"cmsmasters_toggle_plus_hor\"><\/span>\n<span class=\"cmsmasters_toggle_plus_vert\"><\/span>\n<\/span>\n<a href=\"#\">2012<\/a>\n<\/div>\n<div class=\"cmsmasters_toggle\">\n<div class=\"cmsmasters_toggle_inner\">\n<p><a href=\"https:\/\/arte-coa.pt\/en\/foundation-documents\/relatorio-e-contas-2012-2\/\" target=\"_blank\" rel=\"attachment noopener wp-att-16456 noreferrer\">Relato\u0301rio e Contas &#8211; 2012<\/a><\/p>\n<\/div>\n<\/div>\n<\/div><div class=\"cmsmasters_toggle_wrap\" data-tags=\"all \">\n<div class=\"cmsmasters_toggle_title\">\n<span class=\"cmsmasters_toggle_plus\">\n<span class=\"cmsmasters_toggle_plus_hor\"><\/span>\n<span class=\"cmsmasters_toggle_plus_vert\"><\/span>\n<\/span>\n<a href=\"#\">2011<\/a>\n<\/div>\n<div class=\"cmsmasters_toggle\">\n<div class=\"cmsmasters_toggle_inner\">\n<p><a href=\"https:\/\/arte-coa.pt\/en\/foundation-documents\/decreto-lei-de-criac%cc%a7a%cc%83o-da-fundac%cc%a7a%cc%83o-co%cc%82a-parque-d-l-n-35-2011-de-8-de-marc%cc%a7o-2\/\" target=\"_blank\" rel=\"attachment noopener wp-att-16422 noreferrer\">Decreto-Lei de Criac\u0327a\u0303o da Fundac\u0327a\u0303o Co\u0302a Parque (D-L. n. 35 2011 de 8 de Marc\u0327o)<\/a><\/p>\n<\/div>\n<\/div>\n<\/div><div class=\"cmsmasters_toggle_wrap\" data-tags=\"all \">\n<div class=\"cmsmasters_toggle_title\">\n<span class=\"cmsmasters_toggle_plus\">\n<span class=\"cmsmasters_toggle_plus_hor\"><\/span>\n<span class=\"cmsmasters_toggle_plus_vert\"><\/span>\n<\/span>\n<a href=\"#\">2010<\/a>\n<\/div>\n<div class=\"cmsmasters_toggle\">\n<div class=\"cmsmasters_toggle_inner\">\n<p><a href=\"https:\/\/arte-coa.pt\/en\/foundation-documents\/comunicado-do-conselho-de-ministros-de-29-de-julho-de-2010-2\/\" target=\"_blank\" rel=\"attachment noopener wp-att-16459 noreferrer\">Comunicado do Conselho de Ministros de 29 de Julho de 2010<\/a><\/p>\n<p><a href=\"https:\/\/arte-coa.pt\/en\/foundation-documents\/estatutos-da-fundac%cc%a7a%cc%83o-co%cc%82a-parque-2010-2\/\" target=\"_blank\" rel=\"attachment noopener wp-att-16458 noreferrer\">Estatutos da Fundac\u0327a\u0303o Co\u0302a Parque &#8211; 2010<\/a><\/p>\n<\/div>\n<\/div>\n<\/div><\/div><\/div>\n<\/div><\/div>\n<div id=\"cmsmasters_column_xbpow4p0xg\" class=\"cmsmasters_column one_third\">\n<div class=\"cmsmasters_column_inner\"><div class=\"cmsmasters_toggles toggles_mode_accordion\">\n<div class=\"cmsmasters_toggles_inner\"><div class=\"cmsmasters_toggle_wrap current_toggle\" data-tags=\"all \">\n<div class=\"cmsmasters_toggle_title\">\n<span class=\"cmsmasters_toggle_plus\">\n<span class=\"cmsmasters_toggle_plus_hor\"><\/span>\n<span class=\"cmsmasters_toggle_plus_vert\"><\/span>\n<\/span>\n<a href=\"#\">HUMAN RESOURCES <\/a>\n<\/div>\n<div class=\"cmsmasters_toggle\">\n<div class=\"cmsmasters_toggle_inner\">\n<p><a href=\"https:\/\/arte-coa.pt\/wp-content\/uploads\/2021\/03\/Organograma.png\" target=\"_blank\" rel=\"noopener\">Organogram<\/a><\/p>\n<\/div>\n<\/div>\n<\/div><div class=\"cmsmasters_toggle_wrap\" data-tags=\"all \">\n<div class=\"cmsmasters_toggle_title\">\n<span class=\"cmsmasters_toggle_plus\">\n<span class=\"cmsmasters_toggle_plus_hor\"><\/span>\n<span class=\"cmsmasters_toggle_plus_vert\"><\/span>\n<\/span>\n<a href=\"#\">2023<\/a>\n<\/div>\n<div class=\"cmsmasters_toggle\">\n<div class=\"cmsmasters_toggle_inner\">\n<p><a href=\"https:\/\/arte-coa.pt\/wp-content\/uploads\/2022\/10\/MapaPessoal2023.pdf\" target=\"_blank\" rel=\"noopener\">C\u00f4a Park Foundation&#8217;s Staff Map<\/a><\/p>\n<\/div>\n<\/div>\n<\/div><div class=\"cmsmasters_toggle_wrap\" data-tags=\"all \">\n<div class=\"cmsmasters_toggle_title\">\n<span class=\"cmsmasters_toggle_plus\">\n<span class=\"cmsmasters_toggle_plus_hor\"><\/span>\n<span class=\"cmsmasters_toggle_plus_vert\"><\/span>\n<\/span>\n<a href=\"#\">2022<\/a>\n<\/div>\n<div class=\"cmsmasters_toggle\">\n<div class=\"cmsmasters_toggle_inner\">\n<p><a href=\"https:\/\/arte-coa.pt\/wp-content\/uploads\/2022\/04\/Co%CC%82a-Parque-Igualdade-de-Ge%CC%81nero.pdf\" target=\"_blank\" rel=\"noopener\">Gender Equality Plan<\/a><\/p>\n<p><a href=\"https:\/\/arte-coa.pt\/wp-content\/uploads\/2022\/12\/Despacho-5-_-REPRESENTANTES-DOS-TRABALHADORES-PARA-A-COMISSAO-PARITARIA-1.pdf\">Election process for members representing the workers in the Paritary Commission<\/a><\/p>\n<p><a href=\"https:\/\/arte-coa.pt\/wp-content\/uploads\/2022\/12\/Cadernos-Eleitorais-Definitivos.pdf\" target=\"_blank\" rel=\"noopener\">Election of the Paritary Commission Final electoral lists<\/a><\/p>\n<p><a href=\"https:\/\/arte-coa.pt\/wp-content\/uploads\/2022\/12\/Despacho-n.o-8_Coa-Parque_2022-Designacao-dos-vogais-representantes-dos-trabalhadores-na-Comissao-Paritaria-1.pdf\" target=\"_blank\" rel=\"noopener\">Nomination of the members representing the workers in the Parity Commission Evaluation of the Workers&#8217; Performanc<\/a>e<\/p>\n<\/div>\n<\/div>\n<\/div><div class=\"cmsmasters_toggle_wrap\" data-tags=\"all \">\n<div class=\"cmsmasters_toggle_title\">\n<span class=\"cmsmasters_toggle_plus\">\n<span class=\"cmsmasters_toggle_plus_hor\"><\/span>\n<span class=\"cmsmasters_toggle_plus_vert\"><\/span>\n<\/span>\n<a href=\"#\">2021<\/a>\n<\/div>\n<div class=\"cmsmasters_toggle\">\n<div class=\"cmsmasters_toggle_inner\">\n<p><a href=\"https:\/\/arte-coa.pt\/wp-content\/uploads\/2021\/01\/Mapa-de-Pessoal2021.pdf\">Staff Map of the C\u00f4a Parque Foundation<\/a><\/p>\n<\/div>\n<\/div>\n<\/div><div class=\"cmsmasters_toggle_wrap\" data-tags=\"all \">\n<div class=\"cmsmasters_toggle_title\">\n<span class=\"cmsmasters_toggle_plus\">\n<span class=\"cmsmasters_toggle_plus_hor\"><\/span>\n<span class=\"cmsmasters_toggle_plus_vert\"><\/span>\n<\/span>\n<a href=\"#\">2020<\/a>\n<\/div>\n<div class=\"cmsmasters_toggle\">\n<div class=\"cmsmasters_toggle_inner\">\n<p><a href=\"https:\/\/arte-coa.pt\/wp-content\/uploads\/2020\/05\/Mapa-de-Pessoal-2020.pdf\">Mapa de Pessoal da Funda\u00e7\u00e3o C\u00f4a Parque\u00a0\u00a0\u00a0<\/a><\/p>\n<p><a href=\"https:\/\/arte-coa.pt\/wp-content\/uploads\/2021\/06\/Avaliacao-de-desempenho-2020.pdf\">Publicita\u00e7\u00e3o da avalia\u00e7\u00e3o de desempenho<\/a><\/p>\n<\/div>\n<\/div>\n<\/div><div class=\"cmsmasters_toggle_wrap\" data-tags=\"all \">\n<div class=\"cmsmasters_toggle_title\">\n<span class=\"cmsmasters_toggle_plus\">\n<span class=\"cmsmasters_toggle_plus_hor\"><\/span>\n<span class=\"cmsmasters_toggle_plus_vert\"><\/span>\n<\/span>\n<a href=\"#\">2019<\/a>\n<\/div>\n<div class=\"cmsmasters_toggle\">\n<div class=\"cmsmasters_toggle_inner\">\n<p><a href=\"https:\/\/arte-coa.pt\/wp-content\/uploads\/2019\/01\/constituic%CC%A7a%CC%83o_comissa%CC%83o_parita%CC%81ria_2019-2020.pdf\" target=\"_blank\" rel=\"noopener noreferrer\">Constitui\u00e7\u00e3o da comiss\u00e3o parit\u00e1ria \u2013 Bi\u00e9nio 2019-2020<\/a><\/p>\n<p><a href=\"https:\/\/arte-coa.pt\/wp-content\/uploads\/2019\/01\/Assist_Oper_2019.pdf\" target=\"_blank\" rel=\"noopener noreferrer\">Recrutamento de Assistentes Operacionais<\/a><\/p>\n<p><a href=\"https:\/\/arte-coa.pt\/wp-content\/uploads\/2020\/05\/Mapa-de-Pessoal-2019.pdf\">Mapa de Pessoal da Funda\u00e7\u00e3o C\u00f4a Parque<\/a><\/p>\n<\/div>\n<\/div>\n<\/div><div class=\"cmsmasters_toggle_wrap\" data-tags=\"all \">\n<div class=\"cmsmasters_toggle_title\">\n<span class=\"cmsmasters_toggle_plus\">\n<span class=\"cmsmasters_toggle_plus_hor\"><\/span>\n<span class=\"cmsmasters_toggle_plus_vert\"><\/span>\n<\/span>\n<a href=\"#\">2018<\/a>\n<\/div>\n<div class=\"cmsmasters_toggle\">\n<div class=\"cmsmasters_toggle_inner\">\n<p><a href=\"https:\/\/arte-coa.pt\/wp-content\/uploads\/2020\/06\/despacho_const_comiss%C3%A3o_avalia%C3%A7%C3%A3o_nov2018.pdf\">Constitui\u00e7\u00e3o da Comiss\u00e3o de Avalia\u00e7\u00e3o \u2013 bi\u00e9nio 2019\/2020<\/a><\/p>\n<p><a href=\"https:\/\/arte-coa.pt\/wp-content\/uploads\/2020\/06\/ata_2_2018_anexoI.pdf\">Crit\u00e9rios para avalia\u00e7\u00e3o por pondera\u00e7\u00e3o curricular<\/a><\/p>\n<p><a href=\"https:\/\/arte-coa.pt\/en\/foundation-documents\/mapa-de-pessoal-2018-2\/\" target=\"_blank\" rel=\"attachment noopener wp-att-16415 noreferrer\">Mapa de Pessoal 2018<\/a><\/p>\n<p><a href=\"https:\/\/arte-coa.pt\/wp-content\/uploads\/2018\/09\/Concurso-Internacional-Responsa%CC%81vel-te%CC%81cnico-cienti%CC%81fico-do-Museu-do-Co%CC%82a-e-do-Parque-Arqueolo%CC%81gico-do-Vale-do-Co%CC%82a-2018.pdf\" target=\"_blank\" rel=\"noopener noreferrer\">Concurso Internacional \u2013 Responsa\u0301vel te\u0301cnico-cienti\u0301fico do Museu do Co\u0302a e do Parque Arqueolo\u0301gico do Vale do Co\u0302a \u2013 2018<\/a><\/p>\n<p>&nbsp;<\/p>\n<\/div>\n<\/div>\n<\/div><div class=\"cmsmasters_toggle_wrap\" data-tags=\"all \">\n<div class=\"cmsmasters_toggle_title\">\n<span class=\"cmsmasters_toggle_plus\">\n<span class=\"cmsmasters_toggle_plus_hor\"><\/span>\n<span class=\"cmsmasters_toggle_plus_vert\"><\/span>\n<\/span>\n<a href=\"#\">2017<\/a>\n<\/div>\n<div class=\"cmsmasters_toggle\">\n<div class=\"cmsmasters_toggle_inner\">\n<p><a href=\"https:\/\/arte-coa.pt\/en\/foundation-documents\/nomeac%cc%a7a%cc%83o-do-conselho-directivo-do-fundac%cc%a7a%cc%83o-co%cc%82a-parque-2017-2\/\" target=\"_blank\" rel=\"attachment noopener wp-att-16433 noreferrer\">Nomeac\u0327a\u0303o do Conselho Directivo do Fundac\u0327a\u0303o Co\u0302a Parque &#8211; 2017<\/a><\/p>\n<p><a href=\"https:\/\/arte-coa.pt\/en\/foundation-documents\/nomeac%cc%a7a%cc%83o-do-director-interino-do-parque-e-museu-2017-2\/\" target=\"_blank\" rel=\"attachment noopener wp-att-16432 noreferrer\">Nomeac\u0327a\u0303o do Director Interino do Parque e Museu &#8211; 2017<\/a><\/p>\n<p>&nbsp;<\/p>\n<p>&nbsp;<\/p>\n<\/div>\n<\/div>\n<\/div><div class=\"cmsmasters_toggle_wrap\" data-tags=\"all \">\n<div class=\"cmsmasters_toggle_title\">\n<span class=\"cmsmasters_toggle_plus\">\n<span class=\"cmsmasters_toggle_plus_hor\"><\/span>\n<span class=\"cmsmasters_toggle_plus_vert\"><\/span>\n<\/span>\n<a href=\"#\">2016<\/a>\n<\/div>\n<div class=\"cmsmasters_toggle\">\n<div class=\"cmsmasters_toggle_inner\">\n<p><a href=\"https:\/\/arte-coa.pt\/en\/foundation-documents\/relac%cc%a7a%cc%83o-nominal-dos-responsaveis-2016-2\/\" target=\"_blank\" rel=\"attachment noopener wp-att-16440 noreferrer\">Relac\u0327a\u0303o Nominal dos Responsa\u0301veis 2016<\/a><\/p>\n<p>&nbsp;<\/p>\n<\/div>\n<\/div>\n<\/div><div class=\"cmsmasters_toggle_wrap\" data-tags=\"all \">\n<div class=\"cmsmasters_toggle_title\">\n<span class=\"cmsmasters_toggle_plus\">\n<span class=\"cmsmasters_toggle_plus_hor\"><\/span>\n<span class=\"cmsmasters_toggle_plus_vert\"><\/span>\n<\/span>\n<a href=\"#\">2015<\/a>\n<\/div>\n<div class=\"cmsmasters_toggle\">\n<div class=\"cmsmasters_toggle_inner\">\n<p><a href=\"https:\/\/arte-coa.pt\/en\/foundation-documents\/relac%cc%a7a%cc%83o-nominal-dos-responsaveis-2015-2\/\" target=\"_blank\" rel=\"attachment noopener wp-att-16416 noreferrer\">Relac\u0327a\u0303o nominal dos responsa\u0301veis 2015<\/a><\/p>\n<\/div>\n<\/div>\n<\/div><div class=\"cmsmasters_toggle_wrap\" data-tags=\"all \">\n<div class=\"cmsmasters_toggle_title\">\n<span class=\"cmsmasters_toggle_plus\">\n<span class=\"cmsmasters_toggle_plus_hor\"><\/span>\n<span class=\"cmsmasters_toggle_plus_vert\"><\/span>\n<\/span>\n<a href=\"#\">2014<\/a>\n<\/div>\n<div class=\"cmsmasters_toggle\">\n<div class=\"cmsmasters_toggle_inner\">\n<p><a href=\"https:\/\/arte-coa.pt\/en\/foundation-documents\/nova-administrac%cc%a7a%cc%83o-da-fundac%cc%a7a%cc%83o-co%cc%82a-parque-despacho-n-12766-2014-2\/\" target=\"_blank\" rel=\"attachment noopener wp-att-16448 noreferrer\">Nova Administrac\u0327a\u0303o da Fundac\u0327a\u0303o Co\u0302a Parque (Despacho n. 12766 2014)<\/a><\/p>\n<p><a href=\"https:\/\/arte-coa.pt\/wp-content\/uploads\/2018\/09\/Despacho-de-Coordenac%CC%A7a%CC%83o-e-Gesta%CC%83o-Corrente.pdf\">Despacho de Coordena\u00e7\u00e3o e Gest\u00e3o Corrente\u00a0\u00a0<\/a><\/p>\n<\/div>\n<\/div>\n<\/div><div class=\"cmsmasters_toggle_wrap\" data-tags=\"all \">\n<div class=\"cmsmasters_toggle_title\">\n<span class=\"cmsmasters_toggle_plus\">\n<span class=\"cmsmasters_toggle_plus_hor\"><\/span>\n<span class=\"cmsmasters_toggle_plus_vert\"><\/span>\n<\/span>\n<a href=\"#\">2013<\/a>\n<\/div>\n<div class=\"cmsmasters_toggle\">\n<div class=\"cmsmasters_toggle_inner\">\n<p><a href=\"https:\/\/arte-coa.pt\/en\/foundation-documents\/mapa-de-colaboradores-e-natureza-do-vinculo-2013-2\/\" target=\"_blank\" rel=\"attachment noopener wp-att-16418 noreferrer\">Mapa de colaboradores e Natureza do Vi\u0301nculo &#8211; 2013<\/a><\/p>\n<\/div>\n<\/div>\n<\/div><div class=\"cmsmasters_toggle_wrap\" data-tags=\"all \">\n<div class=\"cmsmasters_toggle_title\">\n<span class=\"cmsmasters_toggle_plus\">\n<span class=\"cmsmasters_toggle_plus_hor\"><\/span>\n<span class=\"cmsmasters_toggle_plus_vert\"><\/span>\n<\/span>\n<a href=\"#\">2012<\/a>\n<\/div>\n<div class=\"cmsmasters_toggle\">\n<div class=\"cmsmasters_toggle_inner\">\n<\/div>\n<\/div>\n<\/div><div class=\"cmsmasters_toggle_wrap\" data-tags=\"all \">\n<div class=\"cmsmasters_toggle_title\">\n<span class=\"cmsmasters_toggle_plus\">\n<span class=\"cmsmasters_toggle_plus_hor\"><\/span>\n<span class=\"cmsmasters_toggle_plus_vert\"><\/span>\n<\/span>\n<a href=\"#\">2011<\/a>\n<\/div>\n<div class=\"cmsmasters_toggle\">\n<div class=\"cmsmasters_toggle_inner\">\n<p><a href=\"https:\/\/arte-coa.pt\/wp-content\/uploads\/2022\/12\/Lista-Nominativa-das-Transicoes-e-Manutencoes-nos-termos-do-Artigo-8-do-Decreto-Lei-n-35-2011_2.pdf\" target=\"_blank\" rel=\"noopener\">Lista Nominativa das Transic\u0327o\u0303es e Manutenc\u0327o\u0303es nos termos do Artigo 8 do Decreto-Lei n 35 2011<\/a><\/p>\n<\/div>\n<\/div>\n<\/div><div class=\"cmsmasters_toggle_wrap\" data-tags=\"all \">\n<div class=\"cmsmasters_toggle_title\">\n<span class=\"cmsmasters_toggle_plus\">\n<span class=\"cmsmasters_toggle_plus_hor\"><\/span>\n<span class=\"cmsmasters_toggle_plus_vert\"><\/span>\n<\/span>\n<a href=\"#\">2010<\/a>\n<\/div>\n<div class=\"cmsmasters_toggle\">\n<div class=\"cmsmasters_toggle_inner\">\n<\/div>\n<\/div>\n<\/div><\/div><\/div>\n<\/div><\/div>\n<div id=\"cmsmasters_column_\" class=\"cmsmasters_column one_third\">\n<div class=\"cmsmasters_column_inner\"><div class=\"cmsmasters_toggles toggles_mode_accordion\">\n<div class=\"cmsmasters_toggles_inner\"><div class=\"cmsmasters_toggle_wrap current_toggle\" data-tags=\"all \">\n<div class=\"cmsmasters_toggle_title\">\n<span class=\"cmsmasters_toggle_plus\">\n<span class=\"cmsmasters_toggle_plus_hor\"><\/span>\n<span class=\"cmsmasters_toggle_plus_vert\"><\/span>\n<\/span>\n<a href=\"#\">OTHER DOCUMENTS<\/a>\n<\/div>\n<div class=\"cmsmasters_toggle\">\n<div class=\"cmsmasters_toggle_inner\">\n<p><a href=\"https:\/\/arte-coa.pt\/wp-content\/uploads\/2020\/06\/SELETIVA-N\u00b0-143-1.pdf\">C\u00f4a Valley_Thierry Aubru (Magazine <em>Seletiva<\/em>)<\/a><\/p>\n<p><a href=\"https:\/\/arte-coa.pt\/en\/foundation-documents\/diploma-da-unesco-dos-sitios-patrimonio-mundial-do-vale-do-co%cc%82a-e-de-siega-verde-2\/\" target=\"_blank\" rel=\"attachment noopener wp-att-16397 noreferrer\">C\u00f4a Valley and Siega Verde UNESCO World Heritage Inscription<\/a><\/p>\n<p><a href=\"https:\/\/arte-coa.pt\/en\/foundation-documents\/lei-bases-do-patrimonio-cultural-lei-n-107-2001-de-8-de-setembro-2\/\" target=\"_blank\" rel=\"attachment noopener wp-att-16401 noreferrer\">Lei Bases do Patrimo\u0301nio Cultural (Lei n. 107 2001 de 8 de Setembro)<\/a><\/p>\n<p><a href=\"https:\/\/arte-coa.pt\/en\/foundation-documents\/lei-quadro-das-fundac%cc%a7o%cc%83es-lei-n-24-2012-de-9-de-julho-2\/\" target=\"_blank\" rel=\"attachment noopener wp-att-16402 noreferrer\">Lei Quadro das Fundac\u0327o\u0303es (Lei n. 24 2012 de 9 de Julho)<\/a><\/p>\n<p><a href=\"https:\/\/arte-coa.pt\/en\/foundation-documents\/lei-quadro-dos-museus-portugueses-lei-n-47-2004-de-19-de-agosto-2\/\" target=\"_blank\" rel=\"attachment noopener wp-att-16403 noreferrer\">Lei Quadro dos Museus Portugueses (Lei n. 47 2004 de 19 de Agosto)<\/a><\/p>\n<p><a href=\"https:\/\/arte-coa.pt\/en\/foundation-documents\/regulamento-de-trabalhos-arqueologicos-decreto-lei-n164-2014-2\/\" target=\"_blank\" rel=\"attachment noopener wp-att-16404 noreferrer\">Regulamento de Trabalhos Arqueolo\u0301gicos (Decreto-Lei n164 2014)<\/a><\/p>\n<p><a href=\"https:\/\/arte-coa.pt\/en\/foundation-documents\/classificac%cc%a7a%cc%83o-como-monumento-nacional-decreto-32-97-de-2-de-julho-2\/\" target=\"_blank\" rel=\"attachment noopener wp-att-16405 noreferrer\">Classificac\u0327a\u0303o como Monumento Nacional (Decreto 32 97 de 2 de Julho)<\/a><\/p>\n<p><a href=\"https:\/\/arte-coa.pt\/en\/foundation-documents\/criac%cc%a7a%cc%83o-da-zona-especial-de-protecc%cc%a7a%cc%83o-dos-monumentos-do-vale-do-co%cc%82a-anuncio-15168-2010-de-30-de-julho-2\/\" target=\"_blank\" rel=\"attachment noopener wp-att-16406 noreferrer\">Criac\u0327a\u0303o da Zona Especial de Protecc\u0327a\u0303o dos Monumentos do Vale do Co\u0302a (Anu\u0301ncio 15168 2010 de 30 de Julho)<\/a><\/p>\n<p><a href=\"https:\/\/arte-coa.pt\/en\/foundation-documents\/alterac%cc%a7a%cc%83o-da-classificac%cc%a7a%cc%83o-do-conjunto-dos-sitios-arqueologicos-do-vale-do-co%cc%82a-anuncio-13471-2012-2\/\" target=\"_blank\" rel=\"attachment noopener wp-att-16407 noreferrer\">Alterac\u0327a\u0303o da classificac\u0327a\u0303o do conjunto dos si\u0301tios arqueolo\u0301gicos do Vale do Co\u0302a (Anu\u0301ncio 13471 2012)<\/a><\/p>\n<p><a href=\"https:\/\/arte-coa.pt\/en\/foundation-documents\/credenciac%cc%a7a%cc%83o-do-museu-do-co%cc%82a-na-rede-portuguesa-de-museus-despacho-n-7115-2014-2\/\" target=\"_blank\" rel=\"attachment noopener wp-att-16408 noreferrer\">Credenciac\u0327a\u0303o do Museu do Co\u0302a na Rede Portuguesa de Museus (Despacho n. 7115 2014)<\/a><\/p>\n<p><a href=\"https:\/\/arte-coa.pt\/en\/foundation-documents\/alterac%cc%a7a%cc%83o-da-classificac%cc%a7a%cc%83o-do-conjunto-dos-sitios-arqueologicos-do-vale-do-co%cc%82a-decreto-6-2013-de-6-de-maio-2\/\" target=\"_blank\" rel=\"attachment noopener wp-att-16409 noreferrer\">Alterac\u0327a\u0303o da Classificac\u0327a\u0303o do conjunto dos si\u0301tios arqueolo\u0301gicos do Vale do Co\u0302a (Decreto 6 2013 de 6 de Maio)<\/a><\/p>\n<p><a href=\"https:\/\/arte-coa.pt\/en\/foundation-documents\/certificado-de-credenciac%cc%a7a%cc%83o-da-rede-portuguesa-de-museus-2\/\" target=\"_blank\" rel=\"attachment noopener wp-att-16410 noreferrer\">Rede Portuguesa de Museus Certificate<\/a><\/p>\n<p><a href=\"https:\/\/arte-coa.pt\/en\/foundation-documents\/diploma-do-premio-de-arquitectura-do-douro-2013-2014-2\/\" target=\"_blank\" rel=\"attachment noopener wp-att-16411 noreferrer\">Douro Architecture Award 2013-2014<\/a><\/p>\n<p><a href=\"https:\/\/arte-coa.pt\/wp-content\/uploads\/2018\/09\/Logo-Invertido.jpg\" target=\"_blank\" rel=\"noopener noreferrer\">Logo<\/a><\/p>\n<p>&nbsp;<\/p>\n<\/div>\n<\/div>\n<\/div><\/div><\/div>\n<\/div><\/div>\n<\/div>\n<\/div>\n<\/div>\n<\/div>\n<\/div>\n\n","protected":false},"excerpt":{"rendered":"","protected":false},"author":10,"featured_media":0,"parent":0,"menu_order":0,"comment_status":"closed","ping_status":"closed","template":"","meta":{"_acf_changed":false,"footnotes":""},"class_list":["post-20807","page","type-page","status-publish","hentry"],"acf":[],"yoast_head":"<!-- This site is optimized with the Yoast SEO plugin v27.0 - https:\/\/yoast.com\/product\/yoast-seo-wordpress\/ -->\n<title>Foundation Documents - C\u00f4a Parque<\/title>\n<meta name=\"robots\" content=\"index, follow, max-snippet:-1, max-image-preview:large, max-video-preview:-1\" \/>\n<link rel=\"canonical\" href=\"https:\/\/arte-coa.pt\/en\/foundation-documents\/\" \/>\n<meta property=\"og:locale\" content=\"en_US\" \/>\n<meta property=\"og:type\" content=\"article\" \/>\n<meta property=\"og:title\" content=\"Foundation Documents - C\u00f4a Parque\" \/>\n<meta property=\"og:url\" content=\"https:\/\/arte-coa.pt\/en\/foundation-documents\/\" \/>\n<meta property=\"og:site_name\" content=\"C\u00f4a Parque\" \/>\n<meta property=\"article:modified_time\" content=\"2025-09-12T15:30:20+00:00\" \/>\n<meta name=\"twitter:card\" content=\"summary_large_image\" \/>\n<meta name=\"twitter:label1\" content=\"Est. reading time\" \/>\n\t<meta name=\"twitter:data1\" content=\"4 minutes\" \/>\n<script type=\"application\/ld+json\" class=\"yoast-schema-graph\">{\"@context\":\"https:\/\/schema.org\",\"@graph\":[{\"@type\":\"WebPage\",\"@id\":\"https:\/\/arte-coa.pt\/en\/foundation-documents\/\",\"url\":\"https:\/\/arte-coa.pt\/en\/foundation-documents\/\",\"name\":\"Foundation Documents - C\u00f4a Parque\",\"isPartOf\":{\"@id\":\"https:\/\/arte-coa.pt\/en\/#website\"},\"datePublished\":\"2018-09-08T11:03:28+00:00\",\"dateModified\":\"2025-09-12T15:30:20+00:00\",\"breadcrumb\":{\"@id\":\"https:\/\/arte-coa.pt\/en\/foundation-documents\/#breadcrumb\"},\"inLanguage\":\"en-US\",\"potentialAction\":[{\"@type\":\"ReadAction\",\"target\":[\"https:\/\/arte-coa.pt\/en\/foundation-documents\/\"]}]},{\"@type\":\"BreadcrumbList\",\"@id\":\"https:\/\/arte-coa.pt\/en\/foundation-documents\/#breadcrumb\",\"itemListElement\":[{\"@type\":\"ListItem\",\"position\":1,\"name\":\"Home\",\"item\":\"https:\/\/arte-coa.pt\/en\/\"},{\"@type\":\"ListItem\",\"position\":2,\"name\":\"Foundation Documents\"}]},{\"@type\":\"WebSite\",\"@id\":\"https:\/\/arte-coa.pt\/en\/#website\",\"url\":\"https:\/\/arte-coa.pt\/en\/\",\"name\":\"C\u00f4a Parque\",\"description\":\"Arte C\u00f4a\",\"potentialAction\":[{\"@type\":\"SearchAction\",\"target\":{\"@type\":\"EntryPoint\",\"urlTemplate\":\"https:\/\/arte-coa.pt\/en\/?s={search_term_string}\"},\"query-input\":{\"@type\":\"PropertyValueSpecification\",\"valueRequired\":true,\"valueName\":\"search_term_string\"}}],\"inLanguage\":\"en-US\"}]}<\/script>\n<!-- \/ Yoast SEO plugin. -->","yoast_head_json":{"title":"Foundation Documents - C\u00f4a Parque","robots":{"index":"index","follow":"follow","max-snippet":"max-snippet:-1","max-image-preview":"max-image-preview:large","max-video-preview":"max-video-preview:-1"},"canonical":"https:\/\/arte-coa.pt\/en\/foundation-documents\/","og_locale":"en_US","og_type":"article","og_title":"Foundation Documents - C\u00f4a Parque","og_url":"https:\/\/arte-coa.pt\/en\/foundation-documents\/","og_site_name":"C\u00f4a Parque","article_modified_time":"2025-09-12T15:30:20+00:00","twitter_card":"summary_large_image","twitter_misc":{"Est. reading time":"4 minutes"},"schema":{"@context":"https:\/\/schema.org","@graph":[{"@type":"WebPage","@id":"https:\/\/arte-coa.pt\/en\/foundation-documents\/","url":"https:\/\/arte-coa.pt\/en\/foundation-documents\/","name":"Foundation Documents - C\u00f4a Parque","isPartOf":{"@id":"https:\/\/arte-coa.pt\/en\/#website"},"datePublished":"2018-09-08T11:03:28+00:00","dateModified":"2025-09-12T15:30:20+00:00","breadcrumb":{"@id":"https:\/\/arte-coa.pt\/en\/foundation-documents\/#breadcrumb"},"inLanguage":"en-US","potentialAction":[{"@type":"ReadAction","target":["https:\/\/arte-coa.pt\/en\/foundation-documents\/"]}]},{"@type":"BreadcrumbList","@id":"https:\/\/arte-coa.pt\/en\/foundation-documents\/#breadcrumb","itemListElement":[{"@type":"ListItem","position":1,"name":"Home","item":"https:\/\/arte-coa.pt\/en\/"},{"@type":"ListItem","position":2,"name":"Foundation Documents"}]},{"@type":"WebSite","@id":"https:\/\/arte-coa.pt\/en\/#website","url":"https:\/\/arte-coa.pt\/en\/","name":"C\u00f4a Parque","description":"Arte C\u00f4a","potentialAction":[{"@type":"SearchAction","target":{"@type":"EntryPoint","urlTemplate":"https:\/\/arte-coa.pt\/en\/?s={search_term_string}"},"query-input":{"@type":"PropertyValueSpecification","valueRequired":true,"valueName":"search_term_string"}}],"inLanguage":"en-US"}]}},"_links":{"self":[{"href":"https:\/\/arte-coa.pt\/en\/wp-json\/wp\/v2\/pages\/20807","targetHints":{"allow":["GET"]}}],"collection":[{"href":"https:\/\/arte-coa.pt\/en\/wp-json\/wp\/v2\/pages"}],"about":[{"href":"https:\/\/arte-coa.pt\/en\/wp-json\/wp\/v2\/types\/page"}],"author":[{"embeddable":true,"href":"https:\/\/arte-coa.pt\/en\/wp-json\/wp\/v2\/users\/10"}],"replies":[{"embeddable":true,"href":"https:\/\/arte-coa.pt\/en\/wp-json\/wp\/v2\/comments?post=20807"}],"version-history":[{"count":13,"href":"https:\/\/arte-coa.pt\/en\/wp-json\/wp\/v2\/pages\/20807\/revisions"}],"predecessor-version":[{"id":37533,"href":"https:\/\/arte-coa.pt\/en\/wp-json\/wp\/v2\/pages\/20807\/revisions\/37533"}],"wp:attachment":[{"href":"https:\/\/arte-coa.pt\/en\/wp-json\/wp\/v2\/media?parent=20807"}],"curies":[{"name":"wp","href":"https:\/\/api.w.org\/{rel}","templated":true}]}}